{"id":60,"date":"2020-06-30T07:33:31","date_gmt":"2020-06-30T05:33:31","guid":{"rendered":"http:\/\/www.gokamenice.cz\/?page_id=60"},"modified":"2025-10-09T21:35:48","modified_gmt":"2025-10-09T19:35:48","slug":"d6-mladsi-pripravka","status":"publish","type":"page","link":"https:\/\/www.gokamenice.cz\/?page_id=60","title":{"rendered":"D6 &#8211; mlad\u0161\u00ed p\u0159\u00edpravka"},"content":{"rendered":"\n<figure class=\"wp-block-table\"><table><tbody><tr><td><strong>Tren\u00e9rky:<\/strong><\/td><td>Jitka Anto\u0161ov\u00e1\/Lucie \u0160ev\u010d\u00edkov\u00e1<\/td><\/tr><tr><td><strong>Kontakt:<\/strong><\/td><td>jitule.ant@seznam.cz<\/td><\/tr><tr><td><strong>\u010casy tr\u00e9nink\u016f:<\/strong><\/td><td>\u00fater\u00fd 15:30 &#8211; 16:30<\/td><\/tr><tr><td><\/td><td>\u010dtvrtek 15:30 &#8211; 17:00<\/td><\/tr><tr><td><strong>Odd\u00edlov\u00e9 a \u010dlensk\u00e9 p\u0159\u00edsp\u011bvky:<\/strong><\/td><td>5.600,- K\u010d<\/td><\/tr><\/tbody><\/table><\/figure>\n\n\n\n<p>V t\u00e9to skupince jsou na\u0161e nejmlad\u0161\u00ed hol\u010di\u010dky a chlape\u010dci, kte\u0159\u00ed pro\u0161li n\u00e1borem. Jsou ve v\u011bku 5 &#8211; 7 let, n\u00e1\u0161 odd\u00edl je pro n\u011b v\u011bt\u0161inou prvn\u00edm setk\u00e1n\u00edm s gymnastikou. Tr\u00e9nujeme 2x t\u00fddn\u011b a d\u011bti se u\u010d\u00ed \u00fapln\u00fdm z\u00e1klad\u016fm, p\u0159ev\u00e1\u017en\u011b hravou formou. V p\u0159\u00edpravce je \u010dek\u00e1 nejen n\u00e1cvik z\u00e1kladn\u00edch dovednost\u00ed, ale i prvn\u00ed vystoupen\u00ed p\u0159ed rodi\u010di na v\u00e1no\u010dn\u00ed bes\u00eddce. Na ja\u0159e pak pom\u011b\u0159\u00ed sv\u00e9 s\u00edly v r\u00e1mci odd\u00edlov\u00e9ho p\u0159eboru. \u010cek\u00e1 na n\u011b sestava na lavi\u010dce\/kruz\u00edch, p\u0159eskok, sestava na prostn\u00fdch a na obl\u00edben\u00e9 hrazd\u011b. V srpnu se d\u011bti mohou t\u011b\u0161it na letn\u00ed soust\u0159ed\u011bn\u00ed. V z\u00e1\u0159\u00ed pak v\u011bt\u0161ina z nich p\u0159estoup\u00ed do star\u0161\u00ed p\u0159\u00edpravky, ty nej\u0161ikovn\u011bj\u0161\u00ed mo\u017en\u00e1 rovnou mezi &#8222;velk\u00e9&#8220; d\u011bti do skupiny D4\/H2.<\/p>\n\n\n\n<p><\/p>\n\n\n\n<div class=\"wp-block-file\"><a id=\"wp-block-file--media-53a8e2e4-4833-464f-996a-75a9399ba2ab\" href=\"http:\/\/www.gokamenice.cz\/wp-content\/uploads\/2025\/10\/Prihlaska-pripravka.docx\">P\u0159ihl\u00e1\u0161ka p\u0159\u00edpravka 2025<\/a><a href=\"http:\/\/www.gokamenice.cz\/wp-content\/uploads\/2025\/10\/Prihlaska-pripravka.docx\" class=\"wp-block-file__button wp-element-button\" download aria-describedby=\"wp-block-file--media-53a8e2e4-4833-464f-996a-75a9399ba2ab\">St\u00e1hnout<\/a><\/div>\n","protected":false},"excerpt":{"rendered":"<p>Tren\u00e9rky: Jitka Anto\u0161ov\u00e1\/Lucie \u0160ev\u010d\u00edkov\u00e1 Kontakt: jitule.ant@seznam.cz \u010casy tr\u00e9nink\u016f: \u00fater\u00fd 15:30 &#8211; 16:30 \u010dtvrtek 15:30 &#8211; 17:00 Odd\u00edlov\u00e9 a \u010dlensk\u00e9 p\u0159\u00edsp\u011bvky: 5.600,- K\u010d V t\u00e9to skupince jsou na\u0161e nejmlad\u0161\u00ed hol\u010di\u010dky a&#8230;<\/p>\n","protected":false},"author":1,"featured_media":0,"parent":28,"menu_order":0,"comment_status":"closed","ping_status":"closed","template":"","meta":{"footnotes":""},"class_list":["post-60","page","type-page","status-publish","hentry","entry"],"_links":{"self":[{"href":"https:\/\/www.gokamenice.cz\/index.php?rest_route=\/wp\/v2\/pages\/60","targetHints":{"allow":["GET"]}}],"collection":[{"href":"https:\/\/www.gokamenice.cz\/index.php?rest_route=\/wp\/v2\/pages"}],"about":[{"href":"https:\/\/www.gokamenice.cz\/index.php?rest_route=\/wp\/v2\/types\/page"}],"author":[{"embeddable":true,"href":"https:\/\/www.gokamenice.cz\/index.php?rest_route=\/wp\/v2\/users\/1"}],"replies":[{"embeddable":true,"href":"https:\/\/www.gokamenice.cz\/index.php?rest_route=%2Fwp%2Fv2%2Fcomments&post=60"}],"version-history":[{"count":13,"href":"https:\/\/www.gokamenice.cz\/index.php?rest_route=\/wp\/v2\/pages\/60\/revisions"}],"predecessor-version":[{"id":517,"href":"https:\/\/www.gokamenice.cz\/index.php?rest_route=\/wp\/v2\/pages\/60\/revisions\/517"}],"up":[{"embeddable":true,"href":"https:\/\/www.gokamenice.cz\/index.php?rest_route=\/wp\/v2\/pages\/28"}],"wp:attachment":[{"href":"https:\/\/www.gokamenice.cz\/index.php?rest_route=%2Fwp%2Fv2%2Fmedia&parent=60"}],"curies":[{"name":"wp","href":"https:\/\/api.w.org\/{rel}","templated":true}]}}